{"id":834,"date":"2025-04-12T20:57:10","date_gmt":"2025-04-12T18:57:10","guid":{"rendered":"https:\/\/rita-comics.com\/?post_type=product&#038;p=834"},"modified":"2025-12-14T09:18:49","modified_gmt":"2025-12-14T08:18:49","slug":"rita-ivresse-saison-7","status":"publish","type":"product","link":"https:\/\/rita-comics.com\/?product=rita-ivresse-saison-7","title":{"rendered":"Rita Ivresse saison 7"},"content":{"rendered":"<p>Rita Ivresse saison 7 vient de para\u00eetre ! Champagne (ou IPA, selon les go\u00fbts) !<\/p>\n<p>Avec sa couverture SoftTouch, son Pantone 810U et sa reliure suisse \u00e0 fils jaunes, il ne manque pas de panache. Des ivresses tranquilles, des griseries extatiques, des \u00e9bri\u00e9t\u00e9s furieuses, en BD, en courtes nouvelles, en illustrations et photographies, il est proprement renversant !<br \/>\nCouverture et personnages d\u2019ivrognes : Jean Mallard, 2e et 3e de couverture : Nils Bertho, maquette Romain Bigot et Jeff Pourqui\u00e9, r\u00e9dacteur en chef Jeff Pourqui\u00e9.<\/p>\n<p>Avec des contributions de Vincent Andrieu, Thomas Baas, Nils Bertho, Romain Bigot, Thierry Bou\u00fcaert, Jean-Luc Cattacin, Jessie D\u00e9sol\u00e9e, Cl\u00e9mence Doucet, Jean-Yves Duhoo, Claire Duval, Annie Ferret,  Michel Galvin, David Gelot, Pascal Gros, Alexis Horellou, Jika, Jos\u00e9 K\u00e9ravis, Luiza Lehmann, Delphine Le Lay, Gabrielle Levy,  L\u00e9onie Lob, Jean Mallard, Mila Martin, St\u00e9phane Mercier,  Mathilde Perrot,  Ma\u00ebliss Pineau, Placid, Jeff Pourqui\u00e9, Marie-C\u00e9line Rey, Isabelle Rivoal, \u00c9my Sauvaget, \u00c9ric St\u00e9venot, Terreur Graphique,  Emmanuelle Ti\u00eau, Nora Turboshifter, Amaury Voslion,  Stefano Zago.<\/p>\n<p>Et le soutien de Val\u00e9rie Barrios, Jean-Yves Duhoo, David Gelot, Jean-Marc Le Cohu\u00e9 (\u00c9ditions Comaq et diffusion), \u00c9tienne L\u00e9croart, Gabrielle Levy (relecture et com), L\u00e9onie Lob,  Frank Margerie (s\u00e9rigraphie),  Jeff Pourqui\u00e9, Marie-C\u00e9line Rey, Stefano Zago, et toute une nouvelle \u00e9quipe Alice, Couenneteen, Erwan, Florine, Jos\u00e9, Luiza, Ma\u00ebliss, Marion, M\u00e9lissa, Tibo ! Merci  \u00e0 toustes, ainsi qu\u2019aux nombreux\u00b7ses ami\u00b7es qui nous aident et nous aiment ! <\/p>\n","protected":false},"excerpt":{"rendered":"<p>Rita Ivresse saison 7<\/p>\n<p>Avec son Pantone 810U et sa reliure suisse \u00e0 fils jaunes il ne manque pas de panache. Des ivresses tranquilles, des griseries extatiques, des \u00e9bri\u00e9t\u00e9s furieuses, en BD, en courtes nouvelles, en illustrations et photographies, il est proprement renversant !<\/p>\n","protected":false},"featured_media":835,"comment_status":"closed","ping_status":"closed","template":"","meta":[],"product_brand":[],"product_cat":[17,33],"product_tag":[],"class_list":{"0":"post-834","1":"product","2":"type-product","3":"status-publish","4":"has-post-thumbnail","6":"product_cat-rita","7":"product_cat-rita-la-revue","9":"first","10":"instock","11":"shipping-taxable","12":"purchasable","13":"product-type-simple"},"_links":{"self":[{"href":"https:\/\/rita-comics.com\/index.php?rest_route=\/wp\/v2\/product\/834","targetHints":{"allow":["GET"]}}],"collection":[{"href":"https:\/\/rita-comics.com\/index.php?rest_route=\/wp\/v2\/product"}],"about":[{"href":"https:\/\/rita-comics.com\/index.php?rest_route=\/wp\/v2\/types\/product"}],"replies":[{"embeddable":true,"href":"https:\/\/rita-comics.com\/index.php?rest_route=%2Fwp%2Fv2%2Fcomments&post=834"}],"wp:featuredmedia":[{"embeddable":true,"href":"https:\/\/rita-comics.com\/index.php?rest_route=\/wp\/v2\/media\/835"}],"wp:attachment":[{"href":"https:\/\/rita-comics.com\/index.php?rest_route=%2Fwp%2Fv2%2Fmedia&parent=834"}],"wp:term":[{"taxonomy":"product_brand","embeddable":true,"href":"https:\/\/rita-comics.com\/index.php?rest_route=%2Fwp%2Fv2%2Fproduct_brand&post=834"},{"taxonomy":"product_cat","embeddable":true,"href":"https:\/\/rita-comics.com\/index.php?rest_route=%2Fwp%2Fv2%2Fproduct_cat&post=834"},{"taxonomy":"product_tag","embeddable":true,"href":"https:\/\/rita-comics.com\/index.php?rest_route=%2Fwp%2Fv2%2Fproduct_tag&post=834"}],"curies":[{"name":"wp","href":"https:\/\/api.w.org\/{rel}","templated":true}]}}